{"id":4,"date":"2014-04-07T06:41:59","date_gmt":"2014-04-07T06:41:59","guid":{"rendered":"http:\/\/catedradealergia.zeus.umh.es\/presentacion\/"},"modified":"2024-07-21T22:30:19","modified_gmt":"2024-07-21T20:30:19","slug":"presentacion","status":"publish","type":"page","link":"https:\/\/catedradealergia.umh.es\/ca\/presentacion\/","title":{"rendered":"Presentaci\u00f3"},"content":{"rendered":"<p><a title=\"Tornar a la home de la C\u00e0tedra d'Al\u00b7l\u00e8rgia i Immunologia Cl\u00ednica UMH\" href=\"https:\/\/catedradealergia.umh.es\/ca\/\"><img class=\"alignleft\" style=\"float: none;\" title=\"Tornar a la home de la C\u00e0tedra d'Al\u00b7l\u00e8rgia i Immunologia Cl\u00ednica UMH\" src=\"https:\/\/catedradealergia.umh.es\/files\/2015\/11\/Logo-C\u00e1tedra-de-Alergia1.jpg\" alt=\"Logo C\u00e0tedra d'Al\u00b7l\u00e8rgia i Immunologia Cl\u00ednica UMH\" \/><\/a><\/p>\n<p>Els principals<strong> objectius<\/strong> d&#8217;aquesta C\u00e0tedra s\u00f3n:<\/p>\n<ul>\n<li>Realitzaci\u00f3 de <strong>projectes de recerca<\/strong> en l&#8217;\u00e0rea de les <strong>malalties al\u00b7l\u00e8rgiques<\/strong>, aix\u00ed com la <strong>difusi\u00f3<\/strong> dels resultats derivats dels mateixos en publicacions, confer\u00e8ncies i congressos nacionals i internacionals.<\/li>\n<\/ul>\n<ul>\n<li>Organitzaci\u00f3 i impartici\u00f3 d&#8217;accions formatives en l&#8217;\u00e0rea d&#8217;<strong>Al\u00b7l\u00e8rgia i Immunologia Cl\u00ednica<\/strong>, preferentment en el postgrau.<\/li>\n<\/ul>\n<p>El conveni de col\u00b7laboraci\u00f3 empresarial en activitats d&#8217;inter\u00e8s general t\u00e9 per objecte la creaci\u00f3 en la UMH de la \u201cC\u00e0tedra d&#8217;Al\u00b7l\u00e8rgia i Immunologia Cl\u00ednica\u201d adscrita al <strong>Departament de Medicina Cl\u00ednica<\/strong>.<\/p>\n<p>Les <strong>activitats concretes<\/strong> a desenvolupar en el marc de la C\u00e0tedra quedaran descrites anualment en un <strong>Pla d&#8217;Activitats<\/strong> que haur\u00e0 de ser aprovat pel <strong>Consell Assessor de la C\u00e0tedra<\/strong>.<\/p>\n<p>C\u00e0tedra <strong>finan\u00e7ada per<\/strong> la Societat Espanyola d&#8217;Al\u00b7lergologia i Immunologia Cl\u00ednica, ALK-Abello S.A, Roxall Medicina Espanya, Diater Laboratoris S.A., i Phadia Spain, S.L.<\/p>\n<p><a title=\"Visita la Societat Espanyola d'Al\u00b7l\u00e8rgia i Immunologia en una nova finestra\" href=\"http:\/\/www.seaic.org\" target=\"_blank\" rel=\"noopener noreferrer\"><img class=\"aligncenter\" title=\"Accedeix a la Societat Espanyola d'Al\u00b7l\u00e8rgia i Immunologia Cl\u00ednica en una nova finestra\" src=\"https:\/\/catedradealergia.umh.es\/files\/2015\/06\/Logo-Seaic.png\" alt=\"Seaic logo\" align=\"center\" \/><\/a><\/p>\n<table style=\"width: 100%; border-color: #FFF; vertical-align: middle; padding-top: 10px;\">\n<tbody>\n<tr>\n<td style=\"border-color: #FFF; vertical-align: middle;\"><a title=\"Visita el laboratori en una nova finestra\" href=\"http:\/\/www.alk-abello.es\" target=\"_blank\" rel=\"noopener noreferrer\"><img title=\"Accedeix al laboratori en una nova finestra\" src=\"https:\/\/catedradealergia.umh.es\/files\/2015\/05\/ALKlogo3.jpg\" alt=\"ALK-abello logo\" \/><\/a><\/td>\n<td style=\"border-color: #FFF;\"><a title=\"Amplia informaci\u00f3 sobre el laboratori en una nova finestra\" href=\"https:\/\/www.roxall.es\/\" target=\"_blank\" rel=\"noopener noreferrer\"><img title=\"Accedeix al laboratori en una nova finestra\" src=\"https:\/\/catedradealergia.umh.es\/files\/2024\/07\/Logo-Roxall-e1720344900403.jpg\" alt=\"Roxall Al servei de la seua salut logo\" \/><\/a><\/td>\n<td style=\"border-color: #FFF; vertical-align: middle;\"><a title=\"Visita el laboratori en una nova finestra\" href=\"http:\/\/www.diater.com\" target=\"_blank\" rel=\"noopener noreferrer\"><img title=\"Visita el laboratori en una nova finestra\" src=\"https:\/\/catedradealergia.umh.es\/files\/2015\/05\/DIATER-Laboratorios-logo2.jpg\" alt=\"DIATER Laboratoris logo\" \/><\/a><\/td>\n<td style=\"border-color: #FFF; vertical-align: middle;\"><a title=\"Visita el laboratori en una nova finestra\" href=\"http:\/\/www.phadia.com\/es\/\" target=\"_blank\" rel=\"noopener noreferrer\"><img title=\"Visita el laboratori en una nova finestra\" src=\"https:\/\/catedradealergia.umh.es\/files\/2015\/06\/ThermoScientificLaboratorios1.jpg\" alt=\"Thermo Scientific Laboratoris logo\" \/><\/a><\/td>\n<\/tr>\n<\/tbody>\n<\/table>\n<p><span style=\"color: #000000;\"><b>DIRECTOR DE LA C\u00c0TEDRA<\/b><\/span><\/p>\n<p><b><span style=\"color: #000000;\">\u00a0<\/span><\/b><span style=\"color: #000000;\">El Director de la \u201cC\u00e0tedra d&#8217;Al\u00b7l\u00e8rgia i Immunologia Cl\u00ednica\u201d \u00e9s <a title=\"Accedeix a la seua fitxa en una nova finestra\" href=\"http:\/\/www.umh.es\/contenido\/Investigacion\/:persona_5668\/datos_val.html\" target=\"_blank\" rel=\"noopener noreferrer\"><strong>D. Francisco Javier Fern\u00e1ndez S\u00e1nchez<\/strong><\/a>,\u00a0actual Director del Departament de Medicina Cl\u00ednica de la UMH i Cap de Secci\u00f3 de la Secci\u00f3 d&#8217;Al\u00b7lergologia de l&#8217;Hospital General Universitari d&#8217;Alacant.<\/span><\/p>\n<p><span style=\"color: #000000;\"><b>SECRETARI DE LA C\u00c0TEDRA<\/b><\/span><\/p>\n<p>El secretari de la <span style=\"color: #000000;\">\u201cC\u00e0tedra d&#8217;Al\u00b7l\u00e8rgia i Immunologia Cl\u00ednica\u201d \u00e9s <a title=\"Accedeix a la seua fitxa en una nova finestra\" href=\"http:\/\/www.umh.es\/contenido\/Investigacion\/:persona_128640\/datos_val.html\" target=\"_blank\" rel=\"noopener noreferrer\"><strong>D. V\u00edctor Soriano G\u00f3mis<\/strong><\/a>,\u00a0Professor Associat en Ci\u00e8ncies de la Salut del Dpt. de Medicina Cl\u00ednica i Al\u00b7lerg\u00f2leg de la Secci\u00f3 d&#8217;Al\u00b7lergologia de l&#8217;Hospital General Universitari d&#8217;Alacant.<\/span><\/p>\n<p><b><span style=\"color: #000000;\">CONSELL ASSESSOR<\/span><\/b><\/p>\n<p>Est\u00e0 compost per:<\/p>\n<p><span style=\"color: #000000;\">&#8211;\u00a0El Vicerector de Recerca i Innovaci\u00f3 de la UMH.<\/span><\/p>\n<p><span style=\"color: #000000;\">&#8211; El Director de la C\u00e0tedra.<\/span><\/p>\n<p><span style=\"color: #000000;\">&#8211;\u00a0President de la Societat Espanyola d&#8217;Al\u00b7lergologia i Immunologia Cl\u00ednica, o persona en qui delegue.<\/span><\/p>","protected":false},"excerpt":{"rendered":"<p>P\u00e1gina de presentaci\u00f3n de la unidad organizativa<\/p>\n","protected":false},"author":1,"featured_media":0,"parent":0,"menu_order":0,"comment_status":"closed","ping_status":"open","template":"","meta":{"_links_to":"","_links_to_target":""},"_links":{"self":[{"href":"https:\/\/catedradealergia.umh.es\/ca\/wp-json\/wp\/v2\/pages\/4"}],"collection":[{"href":"https:\/\/catedradealergia.umh.es\/ca\/wp-json\/wp\/v2\/pages"}],"about":[{"href":"https:\/\/catedradealergia.umh.es\/ca\/wp-json\/wp\/v2\/types\/page"}],"author":[{"embeddable":true,"href":"https:\/\/catedradealergia.umh.es\/ca\/wp-json\/wp\/v2\/users\/1"}],"replies":[{"embeddable":true,"href":"https:\/\/catedradealergia.umh.es\/ca\/wp-json\/wp\/v2\/comments?post=4"}],"version-history":[{"count":0,"href":"https:\/\/catedradealergia.umh.es\/ca\/wp-json\/wp\/v2\/pages\/4\/revisions"}],"wp:attachment":[{"href":"https:\/\/catedradealergia.umh.es\/ca\/wp-json\/wp\/v2\/media?parent=4"}],"curies":[{"name":"wp","href":"https:\/\/api.w.org\/{rel}","templated":true}]}}